{"id":2030,"date":"2024-10-22T14:32:58","date_gmt":"2024-10-22T17:32:58","guid":{"rendered":"https:\/\/prefeitosegestoes.com.br\/portal\/?page_id=2030"},"modified":"2026-03-18T09:31:21","modified_gmt":"2026-03-18T12:31:21","slug":"seu-release","status":"publish","type":"page","link":"https:\/\/prefeitosegestoes.com.br\/portal\/seu-release\/","title":{"rendered":"Seu Release"},"content":{"rendered":"\t\t<div data-elementor-type=\"wp-page\" data-elementor-id=\"2030\" class=\"elementor elementor-2030\">\n\t\t\t\t\t\t<section class=\"elementor-section elementor-top-section elementor-element elementor-element-41119c5 elementor-section-boxed elementor-section-height-default elementor-section-height-default\" data-id=\"41119c5\" data-element_type=\"section\" data-e-type=\"section\" data-settings=\"{&quot;background_background&quot;:&quot;classic&quot;}\">\n\t\t\t\t\t\t<div class=\"elementor-container elementor-column-gap-default\">\n\t\t\t\t\t<div class=\"elementor-column elementor-col-66 elementor-top-column elementor-element elementor-element-a76c024\" data-id=\"a76c024\" data-element_type=\"column\" data-e-type=\"column\">\n\t\t\t<div class=\"elementor-widget-wrap elementor-element-populated\">\n\t\t\t\t\t\t<div class=\"elementor-element elementor-element-039e612 elementor-widget elementor-widget-benqu-section-title\" data-id=\"039e612\" data-element_type=\"widget\" data-e-type=\"widget\" data-widget_type=\"benqu-section-title.default\">\n\t\t\t\t<div class=\"elementor-widget-container\">\n\t\t\t\t\t\t<div class=\"benqu-section-title-wrap text-center\">\r\n\t\t<h2>SEU RELEASE<\/h2>\r\n\t\t<span><\/span>\r\n\t<\/div>\r\n\t\r\n    \t\t\t\t<\/div>\n\t\t\t\t<\/div>\n\t\t\t\t<div class=\"elementor-element elementor-element-0c9a624 elementor-widget elementor-widget-text-editor\" data-id=\"0c9a624\" data-element_type=\"widget\" data-e-type=\"widget\" data-widget_type=\"text-editor.default\">\n\t\t\t\t<div class=\"elementor-widget-container\">\n\t\t\t\t\t\t\t\t\t<p><img fetchpriority=\"high\" decoding=\"async\" class=\"alignnone size-full wp-image-2715\" src=\"https:\/\/prefeitosegestoes.com.br\/portal\/wp-content\/uploads\/2024\/11\/imgs_release_00.jpg\" alt=\"\" width=\"1047\" height=\"408\" srcset=\"https:\/\/prefeitosegestoes.com.br\/portal\/wp-content\/uploads\/2024\/11\/imgs_release_00.jpg 1047w, https:\/\/prefeitosegestoes.com.br\/portal\/wp-content\/uploads\/2024\/11\/imgs_release_00-300x117.jpg 300w, https:\/\/prefeitosegestoes.com.br\/portal\/wp-content\/uploads\/2024\/11\/imgs_release_00-1024x399.jpg 1024w, https:\/\/prefeitosegestoes.com.br\/portal\/wp-content\/uploads\/2024\/11\/imgs_release_00-768x299.jpg 768w\" sizes=\"(max-width: 1047px) 100vw, 1047px\" \/><\/p><p>Foto divulga\u00e7\u00e3o<\/p>\t\t\t\t\t\t\t\t<\/div>\n\t\t\t\t<\/div>\n\t\t\t\t<div class=\"elementor-element elementor-element-4376843 elementor-widget elementor-widget-text-editor\" data-id=\"4376843\" data-element_type=\"widget\" data-e-type=\"widget\" data-widget_type=\"text-editor.default\">\n\t\t\t\t<div class=\"elementor-widget-container\">\n\t\t\t\t\t\t\t\t\t<p style=\"text-align: center;\">Envie-nos o seu release com temas relativos \u00e0 gest\u00e3o p\u00fablica municipal.<br \/>Ap\u00f3s an\u00e1lise de adequa\u00e7\u00e3o, ser\u00e1 publica\u00e7\u00e3o no site<br \/>www.prefeitosegestoes.com.br.<br \/>2.900 caracteres com espa\u00e7o ou 3.500 sem espa\u00e7o (570 palavras)<br \/>Contate-nos pelo \u00edcone Converse Conosco ou pelo email<br \/><a href=\"mailto:comercial@prefeitosegest\u00f5es.com.br\">comercial@prefeitosegest\u00f5es.com.br<\/a><\/p>\t\t\t\t\t\t\t\t<\/div>\n\t\t\t\t<\/div>\n\t\t\t\t<div class=\"elementor-element elementor-element-043edb6 elementor-widget elementor-widget-spacer\" data-id=\"043edb6\" data-element_type=\"widget\" data-e-type=\"widget\" data-widget_type=\"spacer.default\">\n\t\t\t\t<div class=\"elementor-widget-container\">\n\t\t\t\t\t\t\t<div class=\"elementor-spacer\">\n\t\t\t<div class=\"elementor-spacer-inner\"><\/div>\n\t\t<\/div>\n\t\t\t\t\t\t<\/div>\n\t\t\t\t<\/div>\n\t\t\t\t<div class=\"elementor-element elementor-element-1b18338 elementor-widget elementor-widget-benqu-post-grid\" data-id=\"1b18338\" data-element_type=\"widget\" data-e-type=\"widget\" data-widget_type=\"benqu-post-grid.default\">\n\t\t\t\t<div class=\"elementor-widget-container\">\n\t\t\t\t\t\r\n\t\t<div class=\"pfy-post-grid-wrap grid-style-2\">\r\n            <div class=\"row\">\r\n\t\t\t                <div class=\"col-lg-6 col-md-6 col-xl-6\">\r\n                    <div class=\"pfy-post-item pfy-scale pfy-ch\">\r\n\t\t\t\t\t\t                        <div class=\"pfy-post-thumb pfy-img-commn-style\">\r\n\t\t\t\t\t\t\t<a class=\"post-thumb\" href=\"https:\/\/prefeitosegestoes.com.br\/portal\/luiz-fernando-machado-psdb-prefeito-de-jundiai-sp\/\"><img decoding=\"async\" width=\"2560\" height=\"1707\" src=\"https:\/\/prefeitosegestoes.com.br\/portal\/wp-content\/uploads\/2025\/07\/Foto-principal-legenda-Prefeito-Luiz-Fernando-ao-centro-imagem-cedida-pela-Prefitu-Copia-Copia-scaled.jpg\" class=\"attachment-full size-full wp-post-image\" alt=\"\" srcset=\"https:\/\/prefeitosegestoes.com.br\/portal\/wp-content\/uploads\/2025\/07\/Foto-principal-legenda-Prefeito-Luiz-Fernando-ao-centro-imagem-cedida-pela-Prefitu-Copia-Copia-scaled.jpg 2560w, https:\/\/prefeitosegestoes.com.br\/portal\/wp-content\/uploads\/2025\/07\/Foto-principal-legenda-Prefeito-Luiz-Fernando-ao-centro-imagem-cedida-pela-Prefitu-Copia-Copia-300x200.jpg 300w, https:\/\/prefeitosegestoes.com.br\/portal\/wp-content\/uploads\/2025\/07\/Foto-principal-legenda-Prefeito-Luiz-Fernando-ao-centro-imagem-cedida-pela-Prefitu-Copia-Copia-1024x683.jpg 1024w, https:\/\/prefeitosegestoes.com.br\/portal\/wp-content\/uploads\/2025\/07\/Foto-principal-legenda-Prefeito-Luiz-Fernando-ao-centro-imagem-cedida-pela-Prefitu-Copia-Copia-768x512.jpg 768w, https:\/\/prefeitosegestoes.com.br\/portal\/wp-content\/uploads\/2025\/07\/Foto-principal-legenda-Prefeito-Luiz-Fernando-ao-centro-imagem-cedida-pela-Prefitu-Copia-Copia-1536x1024.jpg 1536w, https:\/\/prefeitosegestoes.com.br\/portal\/wp-content\/uploads\/2025\/07\/Foto-principal-legenda-Prefeito-Luiz-Fernando-ao-centro-imagem-cedida-pela-Prefitu-Copia-Copia-2048x1365.jpg 2048w\" sizes=\"(max-width: 2560px) 100vw, 2560px\" \/><\/a>\r\n\t\t\t\t\t\t\t\t\t\t\t\t\t\t\t        <a class=\"benqu-cate-badge\" href=\"https:\/\/prefeitosegestoes.com.br\/portal\/category\/materias\/seu-release\/\" style=\"background-color:#3b60fe\">\n        <span>Seu Release<\/span> \n        <\/a>\n    \t\t\t\t\t\t\t\t\t\t\t\t\t<\/div>\r\n\t\t\t\t\t\t                        <div class=\"pfy-post-content\">\t\t\t\t\t\t\r\n\r\n\t\t\t\t\t\t\t<h4 class=\"pfy-post-title\"><a href=\"https:\/\/prefeitosegestoes.com.br\/portal\/luiz-fernando-machado-psdb-prefeito-de-jundiai-sp\/\">Luiz Fernando Machado (PSDB), prefeito de Jundia\u00ed (SP)<\/a><\/h4>\r\n\r\n\t\t\t\t\t\t\t<ul>\r\n\t\t\t\t\t\t\t\t\r\n\t\t\t\t\t\t\t\t\r\n\t\t\t\t\t\t\t\t\r\n\t\t\t\t\t\t\t<\/ul>\r\n\r\n\t\t\t\t\t\t<\/div>\r\n                    <\/div>\r\n                <\/div>\r\n\t\t\t\t                <div class=\"col-lg-6 col-md-6 col-xl-6\">\r\n                    <div class=\"pfy-post-item pfy-scale pfy-ch\">\r\n\t\t\t\t\t\t                        <div class=\"pfy-post-thumb pfy-img-commn-style\">\r\n\t\t\t\t\t\t\t<a class=\"post-thumb\" href=\"https:\/\/prefeitosegestoes.com.br\/portal\/importancia-da-iluminacao-em-locais-publicos-2\/\"><img decoding=\"async\" width=\"2560\" height=\"1703\" src=\"https:\/\/prefeitosegestoes.com.br\/portal\/wp-content\/uploads\/2025\/07\/Imagem-principal-Foto-cedida-pelo-cliente-Copia-scaled.jpg\" class=\"attachment-full size-full wp-post-image\" alt=\"\" srcset=\"https:\/\/prefeitosegestoes.com.br\/portal\/wp-content\/uploads\/2025\/07\/Imagem-principal-Foto-cedida-pelo-cliente-Copia-scaled.jpg 2560w, https:\/\/prefeitosegestoes.com.br\/portal\/wp-content\/uploads\/2025\/07\/Imagem-principal-Foto-cedida-pelo-cliente-Copia-300x200.jpg 300w, https:\/\/prefeitosegestoes.com.br\/portal\/wp-content\/uploads\/2025\/07\/Imagem-principal-Foto-cedida-pelo-cliente-Copia-1024x681.jpg 1024w, https:\/\/prefeitosegestoes.com.br\/portal\/wp-content\/uploads\/2025\/07\/Imagem-principal-Foto-cedida-pelo-cliente-Copia-768x511.jpg 768w, https:\/\/prefeitosegestoes.com.br\/portal\/wp-content\/uploads\/2025\/07\/Imagem-principal-Foto-cedida-pelo-cliente-Copia-1536x1022.jpg 1536w, https:\/\/prefeitosegestoes.com.br\/portal\/wp-content\/uploads\/2025\/07\/Imagem-principal-Foto-cedida-pelo-cliente-Copia-2048x1363.jpg 2048w\" sizes=\"(max-width: 2560px) 100vw, 2560px\" \/><\/a>\r\n\t\t\t\t\t\t\t\t\t\t\t\t\t\t\t        <a class=\"benqu-cate-badge\" href=\"https:\/\/prefeitosegestoes.com.br\/portal\/category\/materias\/seu-release\/\" style=\"background-color:#3b60fe\">\n        <span>Seu Release<\/span> \n        <\/a>\n    \t\t\t\t\t\t\t\t\t\t\t\t\t<\/div>\r\n\t\t\t\t\t\t                        <div class=\"pfy-post-content\">\t\t\t\t\t\t\r\n\r\n\t\t\t\t\t\t\t<h4 class=\"pfy-post-title\"><a href=\"https:\/\/prefeitosegestoes.com.br\/portal\/importancia-da-iluminacao-em-locais-publicos-2\/\">IMPORT\u00c2NCIA DA ILUMINA\u00c7\u00c3O EM LOCAIS P\u00daBLICOS<\/a><\/h4>\r\n\r\n\t\t\t\t\t\t\t<ul>\r\n\t\t\t\t\t\t\t\t\r\n\t\t\t\t\t\t\t\t\r\n\t\t\t\t\t\t\t\t\r\n\t\t\t\t\t\t\t<\/ul>\r\n\r\n\t\t\t\t\t\t<\/div>\r\n                    <\/div>\r\n                <\/div>\r\n\t\t\t\t                <div class=\"col-lg-6 col-md-6 col-xl-6\">\r\n                    <div class=\"pfy-post-item pfy-scale pfy-ch\">\r\n\t\t\t\t\t\t                        <div class=\"pfy-post-thumb pfy-img-commn-style\">\r\n\t\t\t\t\t\t\t<a class=\"post-thumb\" href=\"https:\/\/prefeitosegestoes.com.br\/portal\/itau-social\/\"><img loading=\"lazy\" decoding=\"async\" width=\"1024\" height=\"768\" src=\"https:\/\/prefeitosegestoes.com.br\/portal\/wp-content\/uploads\/2025\/07\/Imagem-principal-Foto-Rafa-NeddermeyerAgencia-Brasil.webp\" class=\"attachment-full size-full wp-post-image\" alt=\"\" srcset=\"https:\/\/prefeitosegestoes.com.br\/portal\/wp-content\/uploads\/2025\/07\/Imagem-principal-Foto-Rafa-NeddermeyerAgencia-Brasil.webp 1024w, https:\/\/prefeitosegestoes.com.br\/portal\/wp-content\/uploads\/2025\/07\/Imagem-principal-Foto-Rafa-NeddermeyerAgencia-Brasil-300x225.webp 300w, https:\/\/prefeitosegestoes.com.br\/portal\/wp-content\/uploads\/2025\/07\/Imagem-principal-Foto-Rafa-NeddermeyerAgencia-Brasil-768x576.webp 768w\" sizes=\"(max-width: 1024px) 100vw, 1024px\" \/><\/a>\r\n\t\t\t\t\t\t\t\t\t\t\t\t\t\t\t        <a class=\"benqu-cate-badge\" href=\"https:\/\/prefeitosegestoes.com.br\/portal\/category\/materias\/seu-release\/\" style=\"background-color:#3b60fe\">\n        <span>Seu Release<\/span> \n        <\/a>\n    \t\t\t\t\t\t\t\t\t\t\t\t\t<\/div>\r\n\t\t\t\t\t\t                        <div class=\"pfy-post-content\">\t\t\t\t\t\t\r\n\r\n\t\t\t\t\t\t\t<h4 class=\"pfy-post-title\"><a href=\"https:\/\/prefeitosegestoes.com.br\/portal\/itau-social\/\">ITA\u00da SOCIAL<\/a><\/h4>\r\n\r\n\t\t\t\t\t\t\t<ul>\r\n\t\t\t\t\t\t\t\t\r\n\t\t\t\t\t\t\t\t\r\n\t\t\t\t\t\t\t\t\r\n\t\t\t\t\t\t\t<\/ul>\r\n\r\n\t\t\t\t\t\t<\/div>\r\n                    <\/div>\r\n                <\/div>\r\n\t\t\t\t                <div class=\"col-lg-6 col-md-6 col-xl-6\">\r\n                    <div class=\"pfy-post-item pfy-scale pfy-ch\">\r\n\t\t\t\t\t\t                        <div class=\"pfy-post-thumb pfy-img-commn-style\">\r\n\t\t\t\t\t\t\t<a class=\"post-thumb\" href=\"https:\/\/prefeitosegestoes.com.br\/portal\/sistema-integrado-de-monitoramento-sim-kdl\/\"><img loading=\"lazy\" decoding=\"async\" width=\"2560\" height=\"1707\" src=\"https:\/\/prefeitosegestoes.com.br\/portal\/wp-content\/uploads\/2025\/07\/Imagem-sistema-scaled.jpg\" class=\"attachment-full size-full wp-post-image\" alt=\"\" srcset=\"https:\/\/prefeitosegestoes.com.br\/portal\/wp-content\/uploads\/2025\/07\/Imagem-sistema-scaled.jpg 2560w, https:\/\/prefeitosegestoes.com.br\/portal\/wp-content\/uploads\/2025\/07\/Imagem-sistema-300x200.jpg 300w, https:\/\/prefeitosegestoes.com.br\/portal\/wp-content\/uploads\/2025\/07\/Imagem-sistema-1024x683.jpg 1024w, https:\/\/prefeitosegestoes.com.br\/portal\/wp-content\/uploads\/2025\/07\/Imagem-sistema-768x512.jpg 768w, https:\/\/prefeitosegestoes.com.br\/portal\/wp-content\/uploads\/2025\/07\/Imagem-sistema-1536x1024.jpg 1536w, https:\/\/prefeitosegestoes.com.br\/portal\/wp-content\/uploads\/2025\/07\/Imagem-sistema-2048x1365.jpg 2048w\" sizes=\"(max-width: 2560px) 100vw, 2560px\" \/><\/a>\r\n\t\t\t\t\t\t\t\t\t\t\t\t\t\t\t        <a class=\"benqu-cate-badge\" href=\"https:\/\/prefeitosegestoes.com.br\/portal\/category\/materias\/seu-release\/\" style=\"background-color:#3b60fe\">\n        <span>Seu Release<\/span> \n        <\/a>\n    \t\t\t\t\t\t\t\t\t\t\t\t\t<\/div>\r\n\t\t\t\t\t\t                        <div class=\"pfy-post-content\">\t\t\t\t\t\t\r\n\r\n\t\t\t\t\t\t\t<h4 class=\"pfy-post-title\"><a href=\"https:\/\/prefeitosegestoes.com.br\/portal\/sistema-integrado-de-monitoramento-sim-kdl\/\">SISTEMA INTEGRADO DE MONITORAMENTO (SIM) KDL<\/a><\/h4>\r\n\r\n\t\t\t\t\t\t\t<ul>\r\n\t\t\t\t\t\t\t\t\r\n\t\t\t\t\t\t\t\t\r\n\t\t\t\t\t\t\t\t\r\n\t\t\t\t\t\t\t<\/ul>\r\n\r\n\t\t\t\t\t\t<\/div>\r\n                    <\/div>\r\n                <\/div>\r\n\t\t\t\t                <div class=\"col-lg-6 col-md-6 col-xl-6\">\r\n                    <div class=\"pfy-post-item pfy-scale pfy-ch\">\r\n\t\t\t\t\t\t                        <div class=\"pfy-post-thumb pfy-img-commn-style\">\r\n\t\t\t\t\t\t\t<a class=\"post-thumb\" href=\"https:\/\/prefeitosegestoes.com.br\/portal\/premiacao-reconhece-projetos-inovadores-de-escolas-publicas-e-reforca-a-importancia-da-valorizacao-dos-professores\/\"><img loading=\"lazy\" decoding=\"async\" width=\"1024\" height=\"768\" src=\"https:\/\/prefeitosegestoes.com.br\/portal\/wp-content\/uploads\/2025\/07\/Imagem-pricipal-Legenda-Projeto-Clothing-Show-Imagem-cedida-pelo-cliente.jpeg\" class=\"attachment-full size-full wp-post-image\" alt=\"\" srcset=\"https:\/\/prefeitosegestoes.com.br\/portal\/wp-content\/uploads\/2025\/07\/Imagem-pricipal-Legenda-Projeto-Clothing-Show-Imagem-cedida-pelo-cliente.jpeg 1024w, https:\/\/prefeitosegestoes.com.br\/portal\/wp-content\/uploads\/2025\/07\/Imagem-pricipal-Legenda-Projeto-Clothing-Show-Imagem-cedida-pelo-cliente-300x225.jpeg 300w, https:\/\/prefeitosegestoes.com.br\/portal\/wp-content\/uploads\/2025\/07\/Imagem-pricipal-Legenda-Projeto-Clothing-Show-Imagem-cedida-pelo-cliente-768x576.jpeg 768w\" sizes=\"(max-width: 1024px) 100vw, 1024px\" \/><\/a>\r\n\t\t\t\t\t\t\t\t\t\t\t\t\t\t\t        <a class=\"benqu-cate-badge\" href=\"https:\/\/prefeitosegestoes.com.br\/portal\/category\/materias\/seu-release\/\" style=\"background-color:#3b60fe\">\n        <span>Seu Release<\/span> \n        <\/a>\n    \t\t\t\t\t\t\t\t\t\t\t\t\t<\/div>\r\n\t\t\t\t\t\t                        <div class=\"pfy-post-content\">\t\t\t\t\t\t\r\n\r\n\t\t\t\t\t\t\t<h4 class=\"pfy-post-title\"><a href=\"https:\/\/prefeitosegestoes.com.br\/portal\/premiacao-reconhece-projetos-inovadores-de-escolas-publicas-e-reforca-a-importancia-da-valorizacao-dos-professores\/\">PREMIA\u00c7\u00c3O RECONHECE PROJETOS INOVADORES DE ESCOLAS P\u00daBLICAS E REFOR\u00c7A A IMPORT\u00c2NCIA DA VALORIZA\u00c7\u00c3O DOS PROFESSORES<\/a><\/h4>\r\n\r\n\t\t\t\t\t\t\t<ul>\r\n\t\t\t\t\t\t\t\t\r\n\t\t\t\t\t\t\t\t\r\n\t\t\t\t\t\t\t\t\r\n\t\t\t\t\t\t\t<\/ul>\r\n\r\n\t\t\t\t\t\t<\/div>\r\n                    <\/div>\r\n                <\/div>\r\n\t\t\t\t                <div class=\"col-lg-6 col-md-6 col-xl-6\">\r\n                    <div class=\"pfy-post-item pfy-scale pfy-ch\">\r\n\t\t\t\t\t\t                        <div class=\"pfy-post-thumb pfy-img-commn-style\">\r\n\t\t\t\t\t\t\t<a class=\"post-thumb\" href=\"https:\/\/prefeitosegestoes.com.br\/portal\/4-prefeitos-4-gestoes-4-desafios\/\"><img loading=\"lazy\" decoding=\"async\" width=\"2560\" height=\"1706\" src=\"https:\/\/prefeitosegestoes.com.br\/portal\/wp-content\/uploads\/2025\/07\/Evandro-Leitao-Prefeito-de-Fortaleza-CE-scaled.jpg\" class=\"attachment-full size-full wp-post-image\" alt=\"\" srcset=\"https:\/\/prefeitosegestoes.com.br\/portal\/wp-content\/uploads\/2025\/07\/Evandro-Leitao-Prefeito-de-Fortaleza-CE-scaled.jpg 2560w, https:\/\/prefeitosegestoes.com.br\/portal\/wp-content\/uploads\/2025\/07\/Evandro-Leitao-Prefeito-de-Fortaleza-CE-300x200.jpg 300w, https:\/\/prefeitosegestoes.com.br\/portal\/wp-content\/uploads\/2025\/07\/Evandro-Leitao-Prefeito-de-Fortaleza-CE-1024x683.jpg 1024w, https:\/\/prefeitosegestoes.com.br\/portal\/wp-content\/uploads\/2025\/07\/Evandro-Leitao-Prefeito-de-Fortaleza-CE-768x512.jpg 768w, https:\/\/prefeitosegestoes.com.br\/portal\/wp-content\/uploads\/2025\/07\/Evandro-Leitao-Prefeito-de-Fortaleza-CE-1536x1024.jpg 1536w, https:\/\/prefeitosegestoes.com.br\/portal\/wp-content\/uploads\/2025\/07\/Evandro-Leitao-Prefeito-de-Fortaleza-CE-2048x1365.jpg 2048w\" sizes=\"(max-width: 2560px) 100vw, 2560px\" \/><\/a>\r\n\t\t\t\t\t\t\t\t\t\t\t\t\t\t\t        <a class=\"benqu-cate-badge\" href=\"https:\/\/prefeitosegestoes.com.br\/portal\/category\/materias\/seu-release\/\" style=\"background-color:#3b60fe\">\n        <span>Seu Release<\/span> \n        <\/a>\n    \t\t\t\t\t\t\t\t\t\t\t\t\t<\/div>\r\n\t\t\t\t\t\t                        <div class=\"pfy-post-content\">\t\t\t\t\t\t\r\n\r\n\t\t\t\t\t\t\t<h4 class=\"pfy-post-title\"><a href=\"https:\/\/prefeitosegestoes.com.br\/portal\/4-prefeitos-4-gestoes-4-desafios\/\">4 PREFEITOS, 4 GEST\u00d5ES, 4 DESAFIOS<\/a><\/h4>\r\n\r\n\t\t\t\t\t\t\t<ul>\r\n\t\t\t\t\t\t\t\t\r\n\t\t\t\t\t\t\t\t\r\n\t\t\t\t\t\t\t\t\r\n\t\t\t\t\t\t\t<\/ul>\r\n\r\n\t\t\t\t\t\t<\/div>\r\n                    <\/div>\r\n                <\/div>\r\n\t\t\t\t                <div class=\"col-lg-6 col-md-6 col-xl-6\">\r\n                    <div class=\"pfy-post-item pfy-scale pfy-ch\">\r\n\t\t\t\t\t\t                        <div class=\"pfy-post-thumb pfy-img-commn-style\">\r\n\t\t\t\t\t\t\t<a class=\"post-thumb\" href=\"https:\/\/prefeitosegestoes.com.br\/portal\/a-licitacao-publica-e-a-carta-de-solidariedade-do-fabricante\/\"><img loading=\"lazy\" decoding=\"async\" width=\"2560\" height=\"1646\" src=\"https:\/\/prefeitosegestoes.com.br\/portal\/wp-content\/uploads\/2024\/11\/Imagem-materia-6-2-scaled.jpg\" class=\"attachment-full size-full wp-post-image\" alt=\"\" srcset=\"https:\/\/prefeitosegestoes.com.br\/portal\/wp-content\/uploads\/2024\/11\/Imagem-materia-6-2-scaled.jpg 2560w, https:\/\/prefeitosegestoes.com.br\/portal\/wp-content\/uploads\/2024\/11\/Imagem-materia-6-2-300x193.jpg 300w, https:\/\/prefeitosegestoes.com.br\/portal\/wp-content\/uploads\/2024\/11\/Imagem-materia-6-2-1024x658.jpg 1024w, https:\/\/prefeitosegestoes.com.br\/portal\/wp-content\/uploads\/2024\/11\/Imagem-materia-6-2-768x494.jpg 768w, https:\/\/prefeitosegestoes.com.br\/portal\/wp-content\/uploads\/2024\/11\/Imagem-materia-6-2-1536x987.jpg 1536w, https:\/\/prefeitosegestoes.com.br\/portal\/wp-content\/uploads\/2024\/11\/Imagem-materia-6-2-2048x1317.jpg 2048w\" sizes=\"(max-width: 2560px) 100vw, 2560px\" \/><\/a>\r\n\t\t\t\t\t\t\t\t\t\t\t\t\t\t\t        <a class=\"benqu-cate-badge\" href=\"https:\/\/prefeitosegestoes.com.br\/portal\/category\/materias\/seu-release\/\" style=\"background-color:#3b60fe\">\n        <span>Seu Release<\/span> \n        <\/a>\n    \t\t\t\t\t\t\t\t\t\t\t\t\t<\/div>\r\n\t\t\t\t\t\t                        <div class=\"pfy-post-content\">\t\t\t\t\t\t\r\n\r\n\t\t\t\t\t\t\t<h4 class=\"pfy-post-title\"><a href=\"https:\/\/prefeitosegestoes.com.br\/portal\/a-licitacao-publica-e-a-carta-de-solidariedade-do-fabricante\/\">A Licita\u00e7\u00e3o P\u00fablica e a Carta de Solidariedade do Fabricante<\/a><\/h4>\r\n\r\n\t\t\t\t\t\t\t<ul>\r\n\t\t\t\t\t\t\t\t\r\n\t\t\t\t\t\t\t\t\r\n\t\t\t\t\t\t\t\t\r\n\t\t\t\t\t\t\t<\/ul>\r\n\r\n\t\t\t\t\t\t<\/div>\r\n                    <\/div>\r\n                <\/div>\r\n\t\t\t\t                <div class=\"col-lg-6 col-md-6 col-xl-6\">\r\n                    <div class=\"pfy-post-item pfy-scale pfy-ch\">\r\n\t\t\t\t\t\t                        <div class=\"pfy-post-thumb pfy-img-commn-style\">\r\n\t\t\t\t\t\t\t<a class=\"post-thumb\" href=\"https:\/\/prefeitosegestoes.com.br\/portal\/o-brasil-continuara-no-podio\/\"><img loading=\"lazy\" decoding=\"async\" width=\"1024\" height=\"1024\" src=\"https:\/\/prefeitosegestoes.com.br\/portal\/wp-content\/uploads\/2024\/11\/Imagem-Materia-5.jpeg\" class=\"attachment-full size-full wp-post-image\" alt=\"\" srcset=\"https:\/\/prefeitosegestoes.com.br\/portal\/wp-content\/uploads\/2024\/11\/Imagem-Materia-5.jpeg 1024w, https:\/\/prefeitosegestoes.com.br\/portal\/wp-content\/uploads\/2024\/11\/Imagem-Materia-5-300x300.jpeg 300w, https:\/\/prefeitosegestoes.com.br\/portal\/wp-content\/uploads\/2024\/11\/Imagem-Materia-5-150x150.jpeg 150w, https:\/\/prefeitosegestoes.com.br\/portal\/wp-content\/uploads\/2024\/11\/Imagem-Materia-5-768x768.jpeg 768w, https:\/\/prefeitosegestoes.com.br\/portal\/wp-content\/uploads\/2024\/11\/Imagem-Materia-5-100x100.jpeg 100w\" sizes=\"(max-width: 1024px) 100vw, 1024px\" \/><\/a>\r\n\t\t\t\t\t\t\t\t\t\t\t\t\t\t\t        <a class=\"benqu-cate-badge\" href=\"https:\/\/prefeitosegestoes.com.br\/portal\/category\/materias\/seu-release\/\" style=\"background-color:#3b60fe\">\n        <span>Seu Release<\/span> \n        <\/a>\n    \t\t\t\t\t\t\t\t\t\t\t\t\t<\/div>\r\n\t\t\t\t\t\t                        <div class=\"pfy-post-content\">\t\t\t\t\t\t\r\n\r\n\t\t\t\t\t\t\t<h4 class=\"pfy-post-title\"><a href=\"https:\/\/prefeitosegestoes.com.br\/portal\/o-brasil-continuara-no-podio\/\">O Brasil Continuar\u00e1 no P\u00f3dio?<\/a><\/h4>\r\n\r\n\t\t\t\t\t\t\t<ul>\r\n\t\t\t\t\t\t\t\t\r\n\t\t\t\t\t\t\t\t\r\n\t\t\t\t\t\t\t\t\r\n\t\t\t\t\t\t\t<\/ul>\r\n\r\n\t\t\t\t\t\t<\/div>\r\n                    <\/div>\r\n                <\/div>\r\n\t\t\t\t                <div class=\"col-lg-6 col-md-6 col-xl-6\">\r\n                    <div class=\"pfy-post-item pfy-scale pfy-ch\">\r\n\t\t\t\t\t\t                        <div class=\"pfy-post-thumb pfy-img-commn-style\">\r\n\t\t\t\t\t\t\t<a class=\"post-thumb\" href=\"https:\/\/prefeitosegestoes.com.br\/portal\/desafios-e-caminhos-para-a-seguranca-publica-no-brasil\/\"><img loading=\"lazy\" decoding=\"async\" width=\"1019\" height=\"765\" src=\"https:\/\/prefeitosegestoes.com.br\/portal\/wp-content\/uploads\/2024\/11\/Imagem-materia-04.jpg\" class=\"attachment-full size-full wp-post-image\" alt=\"\" srcset=\"https:\/\/prefeitosegestoes.com.br\/portal\/wp-content\/uploads\/2024\/11\/Imagem-materia-04.jpg 1019w, https:\/\/prefeitosegestoes.com.br\/portal\/wp-content\/uploads\/2024\/11\/Imagem-materia-04-300x225.jpg 300w, https:\/\/prefeitosegestoes.com.br\/portal\/wp-content\/uploads\/2024\/11\/Imagem-materia-04-768x577.jpg 768w\" sizes=\"(max-width: 1019px) 100vw, 1019px\" \/><\/a>\r\n\t\t\t\t\t\t\t\t\t\t\t\t\t\t\t        <a class=\"benqu-cate-badge\" href=\"https:\/\/prefeitosegestoes.com.br\/portal\/category\/materias\/seu-release\/\" style=\"background-color:#3b60fe\">\n        <span>Seu Release<\/span> \n        <\/a>\n    \t\t\t\t\t\t\t\t\t\t\t\t\t<\/div>\r\n\t\t\t\t\t\t                        <div class=\"pfy-post-content\">\t\t\t\t\t\t\r\n\r\n\t\t\t\t\t\t\t<h4 class=\"pfy-post-title\"><a href=\"https:\/\/prefeitosegestoes.com.br\/portal\/desafios-e-caminhos-para-a-seguranca-publica-no-brasil\/\">Desafios e Caminhos para a Seguran\u00e7a P\u00fablica no Brasil<\/a><\/h4>\r\n\r\n\t\t\t\t\t\t\t<ul>\r\n\t\t\t\t\t\t\t\t\r\n\t\t\t\t\t\t\t\t\r\n\t\t\t\t\t\t\t\t\r\n\t\t\t\t\t\t\t<\/ul>\r\n\r\n\t\t\t\t\t\t<\/div>\r\n                    <\/div>\r\n                <\/div>\r\n\t\t\t\t                <div class=\"col-lg-6 col-md-6 col-xl-6\">\r\n                    <div class=\"pfy-post-item pfy-scale pfy-ch\">\r\n\t\t\t\t\t\t                        <div class=\"pfy-post-thumb pfy-img-commn-style\">\r\n\t\t\t\t\t\t\t<a class=\"post-thumb\" href=\"https:\/\/prefeitosegestoes.com.br\/portal\/desafios-do-transporte-publico-sustentabilidade-e-modernizacao-em-foco\/\"><img loading=\"lazy\" decoding=\"async\" width=\"2560\" height=\"1707\" src=\"https:\/\/prefeitosegestoes.com.br\/portal\/wp-content\/uploads\/2024\/11\/Imagem-materia-3-2-scaled.jpg\" class=\"attachment-full size-full wp-post-image\" alt=\"\" srcset=\"https:\/\/prefeitosegestoes.com.br\/portal\/wp-content\/uploads\/2024\/11\/Imagem-materia-3-2-scaled.jpg 2560w, https:\/\/prefeitosegestoes.com.br\/portal\/wp-content\/uploads\/2024\/11\/Imagem-materia-3-2-300x200.jpg 300w, https:\/\/prefeitosegestoes.com.br\/portal\/wp-content\/uploads\/2024\/11\/Imagem-materia-3-2-1024x683.jpg 1024w, https:\/\/prefeitosegestoes.com.br\/portal\/wp-content\/uploads\/2024\/11\/Imagem-materia-3-2-768x512.jpg 768w, https:\/\/prefeitosegestoes.com.br\/portal\/wp-content\/uploads\/2024\/11\/Imagem-materia-3-2-1536x1024.jpg 1536w, https:\/\/prefeitosegestoes.com.br\/portal\/wp-content\/uploads\/2024\/11\/Imagem-materia-3-2-2048x1365.jpg 2048w\" sizes=\"(max-width: 2560px) 100vw, 2560px\" \/><\/a>\r\n\t\t\t\t\t\t\t\t\t\t\t\t\t\t\t        <a class=\"benqu-cate-badge\" href=\"https:\/\/prefeitosegestoes.com.br\/portal\/category\/materias\/seu-release\/\" style=\"background-color:#3b60fe\">\n        <span>Seu Release<\/span> \n        <\/a>\n    \t\t\t\t\t\t\t\t\t\t\t\t\t<\/div>\r\n\t\t\t\t\t\t                        <div class=\"pfy-post-content\">\t\t\t\t\t\t\r\n\r\n\t\t\t\t\t\t\t<h4 class=\"pfy-post-title\"><a href=\"https:\/\/prefeitosegestoes.com.br\/portal\/desafios-do-transporte-publico-sustentabilidade-e-modernizacao-em-foco\/\">Desafios do Transporte P\u00fablico: sustentabilidade e moderniza\u00e7\u00e3o em foco<\/a><\/h4>\r\n\r\n\t\t\t\t\t\t\t<ul>\r\n\t\t\t\t\t\t\t\t\r\n\t\t\t\t\t\t\t\t\r\n\t\t\t\t\t\t\t\t\r\n\t\t\t\t\t\t\t<\/ul>\r\n\r\n\t\t\t\t\t\t<\/div>\r\n                    <\/div>\r\n                <\/div>\r\n\t\t\t\t                <div class=\"col-lg-6 col-md-6 col-xl-6\">\r\n                    <div class=\"pfy-post-item pfy-scale pfy-ch\">\r\n\t\t\t\t\t\t                        <div class=\"pfy-post-thumb pfy-img-commn-style\">\r\n\t\t\t\t\t\t\t<a class=\"post-thumb\" href=\"https:\/\/prefeitosegestoes.com.br\/portal\/como-a-inteligencia-artificial-pode-ajudar-municipios-a-se-tornarem-mais-inteligentes\/\"><img loading=\"lazy\" decoding=\"async\" width=\"1408\" height=\"768\" src=\"https:\/\/prefeitosegestoes.com.br\/portal\/wp-content\/uploads\/2024\/11\/Imagem-materia-2.png\" class=\"attachment-full size-full wp-post-image\" alt=\"\" srcset=\"https:\/\/prefeitosegestoes.com.br\/portal\/wp-content\/uploads\/2024\/11\/Imagem-materia-2.png 1408w, https:\/\/prefeitosegestoes.com.br\/portal\/wp-content\/uploads\/2024\/11\/Imagem-materia-2-300x164.png 300w, https:\/\/prefeitosegestoes.com.br\/portal\/wp-content\/uploads\/2024\/11\/Imagem-materia-2-1024x559.png 1024w, https:\/\/prefeitosegestoes.com.br\/portal\/wp-content\/uploads\/2024\/11\/Imagem-materia-2-768x419.png 768w\" sizes=\"(max-width: 1408px) 100vw, 1408px\" \/><\/a>\r\n\t\t\t\t\t\t\t\t\t\t\t\t\t\t\t        <a class=\"benqu-cate-badge\" href=\"https:\/\/prefeitosegestoes.com.br\/portal\/category\/materias\/seu-release\/\" style=\"background-color:#3b60fe\">\n        <span>Seu Release<\/span> \n        <\/a>\n    \t\t\t\t\t\t\t\t\t\t\t\t\t<\/div>\r\n\t\t\t\t\t\t                        <div class=\"pfy-post-content\">\t\t\t\t\t\t\r\n\r\n\t\t\t\t\t\t\t<h4 class=\"pfy-post-title\"><a href=\"https:\/\/prefeitosegestoes.com.br\/portal\/como-a-inteligencia-artificial-pode-ajudar-municipios-a-se-tornarem-mais-inteligentes\/\">Como a intelig\u00eancia artificial pode ajudar munic\u00edpios a se tornarem mais inteligentes<\/a><\/h4>\r\n\r\n\t\t\t\t\t\t\t<ul>\r\n\t\t\t\t\t\t\t\t\r\n\t\t\t\t\t\t\t\t\r\n\t\t\t\t\t\t\t\t\r\n\t\t\t\t\t\t\t<\/ul>\r\n\r\n\t\t\t\t\t\t<\/div>\r\n                    <\/div>\r\n                <\/div>\r\n\t\t\t\t                <div class=\"col-lg-6 col-md-6 col-xl-6\">\r\n                    <div class=\"pfy-post-item pfy-scale pfy-ch\">\r\n\t\t\t\t\t\t                        <div class=\"pfy-post-thumb pfy-img-commn-style\">\r\n\t\t\t\t\t\t\t<a class=\"post-thumb\" href=\"https:\/\/prefeitosegestoes.com.br\/portal\/a-revolucao-das-cidades-inteligentes-ja-comecou\/\"><img loading=\"lazy\" decoding=\"async\" width=\"720\" height=\"720\" src=\"https:\/\/prefeitosegestoes.com.br\/portal\/wp-content\/uploads\/2024\/11\/Imagem-materia-1.png\" class=\"attachment-full size-full wp-post-image\" alt=\"\" srcset=\"https:\/\/prefeitosegestoes.com.br\/portal\/wp-content\/uploads\/2024\/11\/Imagem-materia-1.png 720w, https:\/\/prefeitosegestoes.com.br\/portal\/wp-content\/uploads\/2024\/11\/Imagem-materia-1-300x300.png 300w, https:\/\/prefeitosegestoes.com.br\/portal\/wp-content\/uploads\/2024\/11\/Imagem-materia-1-150x150.png 150w, https:\/\/prefeitosegestoes.com.br\/portal\/wp-content\/uploads\/2024\/11\/Imagem-materia-1-100x100.png 100w\" sizes=\"(max-width: 720px) 100vw, 720px\" \/><\/a>\r\n\t\t\t\t\t\t\t\t\t\t\t\t\t\t\t        <a class=\"benqu-cate-badge\" href=\"https:\/\/prefeitosegestoes.com.br\/portal\/category\/materias\/seu-release\/\" style=\"background-color:#3b60fe\">\n        <span>Seu Release<\/span> \n        <\/a>\n    \t\t\t\t\t\t\t\t\t\t\t\t\t<\/div>\r\n\t\t\t\t\t\t                        <div class=\"pfy-post-content\">\t\t\t\t\t\t\r\n\r\n\t\t\t\t\t\t\t<h4 class=\"pfy-post-title\"><a href=\"https:\/\/prefeitosegestoes.com.br\/portal\/a-revolucao-das-cidades-inteligentes-ja-comecou\/\">A revolu\u00e7\u00e3o das cidades inteligentes j\u00e1 come\u00e7ou<\/a><\/h4>\r\n\r\n\t\t\t\t\t\t\t<ul>\r\n\t\t\t\t\t\t\t\t\r\n\t\t\t\t\t\t\t\t\r\n\t\t\t\t\t\t\t\t\r\n\t\t\t\t\t\t\t<\/ul>\r\n\r\n\t\t\t\t\t\t<\/div>\r\n                    <\/div>\r\n                <\/div>\r\n\t\t\t\t            <\/div>\r\n        <\/div>\t\t\r\n    \t\t\t\t<\/div>\n\t\t\t\t<\/div>\n\t\t\t\t\t<\/div>\n\t\t<\/div>\n\t\t\t\t<div class=\"elementor-column elementor-col-33 elementor-top-column elementor-element elementor-element-ae103a8\" data-id=\"ae103a8\" data-element_type=\"column\" data-e-type=\"column\">\n\t\t\t<div class=\"elementor-widget-wrap elementor-element-populated\">\n\t\t\t\t\t\t<div class=\"elementor-element elementor-element-24e3bab elementor-widget elementor-widget-benqu-section-title\" data-id=\"24e3bab\" data-element_type=\"widget\" data-e-type=\"widget\" data-widget_type=\"benqu-section-title.default\">\n\t\t\t\t<div class=\"elementor-widget-container\">\n\t\t\t\t\t\t<div class=\"benqu-section-title-wrap text-center\">\r\n\t\t<h2>REVISTA ON-LINE<\/h2>\r\n\t\t<span><\/span>\r\n\t<\/div>\r\n\t\r\n    \t\t\t\t<\/div>\n\t\t\t\t<\/div>\n\t\t\t\t<div class=\"elementor-element elementor-element-99febd5 elementor-widget elementor-widget-image\" data-id=\"99febd5\" data-element_type=\"widget\" data-e-type=\"widget\" data-widget_type=\"image.default\">\n\t\t\t\t<div class=\"elementor-widget-container\">\n\t\t\t\t\t\t\t\t\t\t\t\t\t\t\t\t<a href=\"https:\/\/www.calameo.com\/read\/00550212497e65bb286ec\" target=\"_blank\">\n\t\t\t\t\t\t\t<img loading=\"lazy\" decoding=\"async\" width=\"350\" height=\"294\" src=\"https:\/\/prefeitosegestoes.com.br\/portal\/wp-content\/uploads\/2026\/03\/box_revista_online95.jpg\" class=\"attachment-full size-full wp-image-4333\" alt=\"\" srcset=\"https:\/\/prefeitosegestoes.com.br\/portal\/wp-content\/uploads\/2026\/03\/box_revista_online95.jpg 350w, https:\/\/prefeitosegestoes.com.br\/portal\/wp-content\/uploads\/2026\/03\/box_revista_online95-300x252.jpg 300w\" sizes=\"(max-width: 350px) 100vw, 350px\" \/>\t\t\t\t\t\t\t\t<\/a>\n\t\t\t\t\t\t\t\t\t\t\t\t\t\t\t<\/div>\n\t\t\t\t<\/div>\n\t\t\t\t<div class=\"elementor-element elementor-element-51f59ba elementor-widget elementor-widget-image\" data-id=\"51f59ba\" data-element_type=\"widget\" data-e-type=\"widget\" data-widget_type=\"image.default\">\n\t\t\t\t<div class=\"elementor-widget-container\">\n\t\t\t\t\t\t\t\t\t\t\t\t\t\t\t\t<a href=\"https:\/\/prefeitosegestoes.com.br\/portal\/edicoes-anteriores\/\">\n\t\t\t\t\t\t\t<img loading=\"lazy\" decoding=\"async\" width=\"350\" height=\"204\" src=\"https:\/\/prefeitosegestoes.com.br\/portal\/wp-content\/uploads\/2024\/10\/box_revista_ant2.jpg\" class=\"attachment-full size-full wp-image-1865\" alt=\"\" srcset=\"https:\/\/prefeitosegestoes.com.br\/portal\/wp-content\/uploads\/2024\/10\/box_revista_ant2.jpg 350w, https:\/\/prefeitosegestoes.com.br\/portal\/wp-content\/uploads\/2024\/10\/box_revista_ant2-300x175.jpg 300w\" sizes=\"(max-width: 350px) 100vw, 350px\" \/>\t\t\t\t\t\t\t\t<\/a>\n\t\t\t\t\t\t\t\t\t\t\t\t\t\t\t<\/div>\n\t\t\t\t<\/div>\n\t\t\t\t<div class=\"elementor-element elementor-element-a42ff2a elementor-widget elementor-widget-image\" data-id=\"a42ff2a\" data-element_type=\"widget\" data-e-type=\"widget\" data-widget_type=\"image.default\">\n\t\t\t\t<div class=\"elementor-widget-container\">\n\t\t\t\t\t\t\t\t\t\t\t\t\t\t\t\t<a href=\"https:\/\/prefeitosegestoes.com.br\/portal\/ficha-de-cadastro\/\">\n\t\t\t\t\t\t\t<img loading=\"lazy\" decoding=\"async\" width=\"350\" height=\"80\" src=\"https:\/\/prefeitosegestoes.com.br\/portal\/wp-content\/uploads\/2024\/10\/box_cadastro2-1.jpg\" class=\"attachment-full size-full wp-image-1866\" alt=\"\" srcset=\"https:\/\/prefeitosegestoes.com.br\/portal\/wp-content\/uploads\/2024\/10\/box_cadastro2-1.jpg 350w, https:\/\/prefeitosegestoes.com.br\/portal\/wp-content\/uploads\/2024\/10\/box_cadastro2-1-300x69.jpg 300w\" sizes=\"(max-width: 350px) 100vw, 350px\" \/>\t\t\t\t\t\t\t\t<\/a>\n\t\t\t\t\t\t\t\t\t\t\t\t\t\t\t<\/div>\n\t\t\t\t<\/div>\n\t\t\t\t<div class=\"elementor-element elementor-element-daac2e5 elementor-widget elementor-widget-html\" data-id=\"daac2e5\" data-element_type=\"widget\" data-e-type=\"widget\" data-widget_type=\"html.default\">\n\t\t\t\t<div class=\"elementor-widget-container\">\n\t\t\t\t\t<center>\r\n<!-- \/1052580\/Prefeitosonline_300_250_home -->\r\n<div id='div-gpt-ad-1494953228913-0' style='height:250px; width:300px;'>\r\n<script>\r\ngoogletag.cmd.push(function() { googletag.display('div-gpt-ad-1494953228913-0'); });\r\n<\/script>\r\n<\/div>\r\n<\/center>\t\t\t\t<\/div>\n\t\t\t\t<\/div>\n\t\t\t\t<div class=\"elementor-element elementor-element-27b4546 elementor-widget elementor-widget-benqu-section-title\" data-id=\"27b4546\" data-element_type=\"widget\" data-e-type=\"widget\" data-widget_type=\"benqu-section-title.default\">\n\t\t\t\t<div class=\"elementor-widget-container\">\n\t\t\t\t\t\t<div class=\"benqu-section-title-wrap text-center\">\r\n\t\t<h2>SIGA-NOS<\/h2>\r\n\t\t<span><\/span>\r\n\t<\/div>\r\n\t\r\n    \t\t\t\t<\/div>\n\t\t\t\t<\/div>\n\t\t<div class=\"elementor-element elementor-element-bc14da9 e-grid e-con-boxed e-con e-parent\" data-id=\"bc14da9\" data-element_type=\"container\" data-e-type=\"container\">\n\t\t\t\t\t<div class=\"e-con-inner\">\n\t\t\t\t<div class=\"elementor-element elementor-element-0ce8e29 elementor-widget elementor-widget-image\" data-id=\"0ce8e29\" data-element_type=\"widget\" data-e-type=\"widget\" data-widget_type=\"image.default\">\n\t\t\t\t<div class=\"elementor-widget-container\">\n\t\t\t\t\t\t\t\t\t\t\t\t\t\t\t\t<a href=\"https:\/\/www.facebook.com\/prefeitosegestoes\" target=\"_blank\">\n\t\t\t\t\t\t\t<img loading=\"lazy\" decoding=\"async\" width=\"70\" height=\"70\" src=\"https:\/\/prefeitosegestoes.com.br\/portal\/wp-content\/uploads\/2024\/10\/icon_01.png\" class=\"attachment-full size-full wp-image-1868\" alt=\"\" \/>\t\t\t\t\t\t\t\t<\/a>\n\t\t\t\t\t\t\t\t\t\t\t\t\t\t\t<\/div>\n\t\t\t\t<\/div>\n\t\t\t\t<div class=\"elementor-element elementor-element-2eb8433 elementor-widget elementor-widget-image\" data-id=\"2eb8433\" data-element_type=\"widget\" data-e-type=\"widget\" data-widget_type=\"image.default\">\n\t\t\t\t<div class=\"elementor-widget-container\">\n\t\t\t\t\t\t\t\t\t\t\t\t\t\t\t\t<a href=\"https:\/\/twitter.com\/PrefGestoes\" target=\"_blank\">\n\t\t\t\t\t\t\t<img loading=\"lazy\" decoding=\"async\" width=\"70\" height=\"70\" src=\"https:\/\/prefeitosegestoes.com.br\/portal\/wp-content\/uploads\/2024\/10\/icon_02.png\" class=\"attachment-full size-full wp-image-1869\" alt=\"\" \/>\t\t\t\t\t\t\t\t<\/a>\n\t\t\t\t\t\t\t\t\t\t\t\t\t\t\t<\/div>\n\t\t\t\t<\/div>\n\t\t\t\t<div class=\"elementor-element elementor-element-e8bb019 elementor-widget elementor-widget-image\" data-id=\"e8bb019\" data-element_type=\"widget\" data-e-type=\"widget\" data-widget_type=\"image.default\">\n\t\t\t\t<div class=\"elementor-widget-container\">\n\t\t\t\t\t\t\t\t\t\t\t\t\t\t\t\t<a href=\"https:\/\/www.instagram.com\/prefeitosegestoes\/\" target=\"_blank\">\n\t\t\t\t\t\t\t<img loading=\"lazy\" decoding=\"async\" width=\"70\" height=\"70\" src=\"https:\/\/prefeitosegestoes.com.br\/portal\/wp-content\/uploads\/2024\/10\/icon_03.png\" class=\"attachment-full size-full wp-image-1870\" alt=\"\" \/>\t\t\t\t\t\t\t\t<\/a>\n\t\t\t\t\t\t\t\t\t\t\t\t\t\t\t<\/div>\n\t\t\t\t<\/div>\n\t\t\t\t<div class=\"elementor-element elementor-element-6324774 elementor-widget elementor-widget-image\" data-id=\"6324774\" data-element_type=\"widget\" data-e-type=\"widget\" data-widget_type=\"image.default\">\n\t\t\t\t<div class=\"elementor-widget-container\">\n\t\t\t\t\t\t\t\t\t\t\t\t\t\t\t\t<a href=\"https:\/\/www.linkedin.com\/company\/revista-prefeitos-e-gest-es\" target=\"_blank\">\n\t\t\t\t\t\t\t<img loading=\"lazy\" decoding=\"async\" width=\"70\" height=\"70\" src=\"https:\/\/prefeitosegestoes.com.br\/portal\/wp-content\/uploads\/2024\/10\/icon_04.png\" class=\"attachment-full size-full wp-image-1871\" alt=\"\" \/>\t\t\t\t\t\t\t\t<\/a>\n\t\t\t\t\t\t\t\t\t\t\t\t\t\t\t<\/div>\n\t\t\t\t<\/div>\n\t\t\t\t\t<\/div>\n\t\t\t\t<\/div>\n\t\t\t\t<div class=\"elementor-element elementor-element-c5248c0 elementor-widget elementor-widget-html\" data-id=\"c5248c0\" data-element_type=\"widget\" data-e-type=\"widget\" data-widget_type=\"html.default\">\n\t\t\t\t<div class=\"elementor-widget-container\">\n\t\t\t\t\t<center>\r\n<!-- \/1052580\/Prefeitosonline_300_250_b -->\r\n<div id='div-gpt-ad-1494952790718-0' style='height:250px; width:300px;'>\r\n<script>\r\ngoogletag.cmd.push(function() { googletag.display('div-gpt-ad-1494952790718-0'); });\r\n<\/script>\r\n<\/div>\r\n<\/center>\t\t\t\t<\/div>\n\t\t\t\t<\/div>\n\t\t\t\t<div class=\"elementor-element elementor-element-7771de4 elementor-widget elementor-widget-spacer\" data-id=\"7771de4\" data-element_type=\"widget\" data-e-type=\"widget\" data-widget_type=\"spacer.default\">\n\t\t\t\t<div class=\"elementor-widget-container\">\n\t\t\t\t\t\t\t<div class=\"elementor-spacer\">\n\t\t\t<div class=\"elementor-spacer-inner\"><\/div>\n\t\t<\/div>\n\t\t\t\t\t\t<\/div>\n\t\t\t\t<\/div>\n\t\t\t\t<div class=\"elementor-element elementor-element-2b57f73 elementor-widget elementor-widget-html\" data-id=\"2b57f73\" data-element_type=\"widget\" data-e-type=\"widget\" data-widget_type=\"html.default\">\n\t\t\t\t<div class=\"elementor-widget-container\">\n\t\t\t\t\t<center>\r\n<!-- \/1052580\/Prefeitosonline_300_250_c -->\r\n<div id='div-gpt-ad-1494952873937-0' style='height:250px; width:300px;'>\r\n<script>\r\ngoogletag.cmd.push(function() { googletag.display('div-gpt-ad-1494952873937-0'); });\r\n<\/script>\r\n<\/div>\r\n<\/center>\t\t\t\t<\/div>\n\t\t\t\t<\/div>\n\t\t\t\t<div class=\"elementor-element elementor-element-545aec5 elementor-widget elementor-widget-benqu-section-title\" data-id=\"545aec5\" data-element_type=\"widget\" data-e-type=\"widget\" data-widget_type=\"benqu-section-title.default\">\n\t\t\t\t<div class=\"elementor-widget-container\">\n\t\t\t\t\t\t<div class=\"benqu-section-title-wrap text-center\">\r\n\t\t<h2>NOSSOS ARTICULISTAS<\/h2>\r\n\t\t<span><\/span>\r\n\t<\/div>\r\n\t\r\n    \t\t\t\t<\/div>\n\t\t\t\t<\/div>\n\t\t\t\t<div class=\"elementor-element elementor-element-eb0e32a elementor-widget elementor-widget-image\" data-id=\"eb0e32a\" data-element_type=\"widget\" data-e-type=\"widget\" data-widget_type=\"image.default\">\n\t\t\t\t<div class=\"elementor-widget-container\">\n\t\t\t\t\t\t\t\t\t\t\t\t\t\t\t\t<a href=\"#\">\n\t\t\t\t\t\t\t<img loading=\"lazy\" decoding=\"async\" width=\"338\" height=\"338\" src=\"https:\/\/prefeitosegestoes.com.br\/portal\/wp-content\/uploads\/2024\/10\/ARTICULISTAS01.png\" class=\"attachment-full size-full wp-image-1872\" alt=\"\" srcset=\"https:\/\/prefeitosegestoes.com.br\/portal\/wp-content\/uploads\/2024\/10\/ARTICULISTAS01.png 338w, https:\/\/prefeitosegestoes.com.br\/portal\/wp-content\/uploads\/2024\/10\/ARTICULISTAS01-300x300.png 300w, https:\/\/prefeitosegestoes.com.br\/portal\/wp-content\/uploads\/2024\/10\/ARTICULISTAS01-150x150.png 150w, https:\/\/prefeitosegestoes.com.br\/portal\/wp-content\/uploads\/2024\/10\/ARTICULISTAS01-100x100.png 100w\" sizes=\"(max-width: 338px) 100vw, 338px\" \/>\t\t\t\t\t\t\t\t<\/a>\n\t\t\t\t\t\t\t\t\t\t\t\t\t\t\t<\/div>\n\t\t\t\t<\/div>\n\t\t\t\t<div class=\"elementor-element elementor-element-a142143 elementor-widget elementor-widget-heading\" data-id=\"a142143\" data-element_type=\"widget\" data-e-type=\"widget\" data-widget_type=\"heading.default\">\n\t\t\t\t<div class=\"elementor-widget-container\">\n\t\t\t\t\t<h2 class=\"elementor-heading-title elementor-size-default\">L\u00edvio Giosa <\/h2>\t\t\t\t<\/div>\n\t\t\t\t<\/div>\n\t\t\t\t<div class=\"elementor-element elementor-element-2320ccd elementor-widget elementor-widget-text-editor\" data-id=\"2320ccd\" data-element_type=\"widget\" data-e-type=\"widget\" data-widget_type=\"text-editor.default\">\n\t\t\t\t<div class=\"elementor-widget-container\">\n\t\t\t\t\t\t\t\t\t<p style=\"text-align: center;\">Coordenador Geral do IRES \u2013 Instituto ADVB de Responsabilidade Socioambiental I Presidente do CNDA \u2013 Conselho Nacional de Defesa Ambiental I Vice-Presidente do Instituto Smart City Business America (ISCBA) e Presidente do Rotary Club de S\u00e3o Paulo<\/p>\t\t\t\t\t\t\t\t<\/div>\n\t\t\t\t<\/div>\n\t\t\t\t<div class=\"elementor-element elementor-element-43d32f8 elementor-widget-divider--view-line elementor-widget elementor-widget-divider\" data-id=\"43d32f8\" data-element_type=\"widget\" data-e-type=\"widget\" data-widget_type=\"divider.default\">\n\t\t\t\t<div class=\"elementor-widget-container\">\n\t\t\t\t\t\t\t<div class=\"elementor-divider\">\n\t\t\t<span class=\"elementor-divider-separator\">\n\t\t\t\t\t\t<\/span>\n\t\t<\/div>\n\t\t\t\t\t\t<\/div>\n\t\t\t\t<\/div>\n\t\t\t\t<div class=\"elementor-element elementor-element-9abe41f elementor-widget elementor-widget-image\" data-id=\"9abe41f\" data-element_type=\"widget\" data-e-type=\"widget\" data-widget_type=\"image.default\">\n\t\t\t\t<div class=\"elementor-widget-container\">\n\t\t\t\t\t\t\t\t\t\t\t\t\t\t\t\t<a href=\"#\">\n\t\t\t\t\t\t\t<img loading=\"lazy\" decoding=\"async\" width=\"338\" height=\"338\" src=\"https:\/\/prefeitosegestoes.com.br\/portal\/wp-content\/uploads\/2024\/10\/ARTICULISTAS02.png\" class=\"attachment-full size-full wp-image-1873\" alt=\"\" srcset=\"https:\/\/prefeitosegestoes.com.br\/portal\/wp-content\/uploads\/2024\/10\/ARTICULISTAS02.png 338w, https:\/\/prefeitosegestoes.com.br\/portal\/wp-content\/uploads\/2024\/10\/ARTICULISTAS02-300x300.png 300w, https:\/\/prefeitosegestoes.com.br\/portal\/wp-content\/uploads\/2024\/10\/ARTICULISTAS02-150x150.png 150w, https:\/\/prefeitosegestoes.com.br\/portal\/wp-content\/uploads\/2024\/10\/ARTICULISTAS02-100x100.png 100w\" sizes=\"(max-width: 338px) 100vw, 338px\" \/>\t\t\t\t\t\t\t\t<\/a>\n\t\t\t\t\t\t\t\t\t\t\t\t\t\t\t<\/div>\n\t\t\t\t<\/div>\n\t\t\t\t<div class=\"elementor-element elementor-element-030d57b elementor-widget elementor-widget-heading\" data-id=\"030d57b\" data-element_type=\"widget\" data-e-type=\"widget\" data-widget_type=\"heading.default\">\n\t\t\t\t<div class=\"elementor-widget-container\">\n\t\t\t\t\t<h2 class=\"elementor-heading-title elementor-size-default\">Roberto Baungartner<\/h2>\t\t\t\t<\/div>\n\t\t\t\t<\/div>\n\t\t\t\t<div class=\"elementor-element elementor-element-474211b elementor-widget elementor-widget-text-editor\" data-id=\"474211b\" data-element_type=\"widget\" data-e-type=\"widget\" data-widget_type=\"text-editor.default\">\n\t\t\t\t<div class=\"elementor-widget-container\">\n\t\t\t\t\t\t\t\t\t<p style=\"text-align: center;\">Advogado I Doutor em Direito de Estado (PUC\/SP) I Vice-Presidente do IBDC &#8211; Instituto Brasileiro de Direito Constitucional<\/p>\t\t\t\t\t\t\t\t<\/div>\n\t\t\t\t<\/div>\n\t\t\t\t<div class=\"elementor-element elementor-element-93c577a elementor-widget-divider--view-line elementor-widget elementor-widget-divider\" data-id=\"93c577a\" data-element_type=\"widget\" data-e-type=\"widget\" data-widget_type=\"divider.default\">\n\t\t\t\t<div class=\"elementor-widget-container\">\n\t\t\t\t\t\t\t<div class=\"elementor-divider\">\n\t\t\t<span class=\"elementor-divider-separator\">\n\t\t\t\t\t\t<\/span>\n\t\t<\/div>\n\t\t\t\t\t\t<\/div>\n\t\t\t\t<\/div>\n\t\t\t\t<div class=\"elementor-element elementor-element-7ecda75 elementor-widget elementor-widget-image\" data-id=\"7ecda75\" data-element_type=\"widget\" data-e-type=\"widget\" data-widget_type=\"image.default\">\n\t\t\t\t<div class=\"elementor-widget-container\">\n\t\t\t\t\t\t\t\t\t\t\t\t\t\t\t\t<a href=\"#\">\n\t\t\t\t\t\t\t<img loading=\"lazy\" decoding=\"async\" width=\"338\" height=\"338\" src=\"https:\/\/prefeitosegestoes.com.br\/portal\/wp-content\/uploads\/2024\/10\/ARTICULISTAS03.png\" class=\"attachment-full size-full wp-image-1874\" alt=\"\" srcset=\"https:\/\/prefeitosegestoes.com.br\/portal\/wp-content\/uploads\/2024\/10\/ARTICULISTAS03.png 338w, https:\/\/prefeitosegestoes.com.br\/portal\/wp-content\/uploads\/2024\/10\/ARTICULISTAS03-300x300.png 300w, https:\/\/prefeitosegestoes.com.br\/portal\/wp-content\/uploads\/2024\/10\/ARTICULISTAS03-150x150.png 150w, https:\/\/prefeitosegestoes.com.br\/portal\/wp-content\/uploads\/2024\/10\/ARTICULISTAS03-100x100.png 100w\" sizes=\"(max-width: 338px) 100vw, 338px\" \/>\t\t\t\t\t\t\t\t<\/a>\n\t\t\t\t\t\t\t\t\t\t\t\t\t\t\t<\/div>\n\t\t\t\t<\/div>\n\t\t\t\t<div class=\"elementor-element elementor-element-fcf4722 elementor-widget elementor-widget-heading\" data-id=\"fcf4722\" data-element_type=\"widget\" data-e-type=\"widget\" data-widget_type=\"heading.default\">\n\t\t\t\t<div class=\"elementor-widget-container\">\n\t\t\t\t\t<h2 class=\"elementor-heading-title elementor-size-default\">Mozart Neves Ramos<\/h2>\t\t\t\t<\/div>\n\t\t\t\t<\/div>\n\t\t\t\t<div class=\"elementor-element elementor-element-a874f05 elementor-widget elementor-widget-text-editor\" data-id=\"a874f05\" data-element_type=\"widget\" data-e-type=\"widget\" data-widget_type=\"text-editor.default\">\n\t\t\t\t<div class=\"elementor-widget-container\">\n\t\t\t\t\t\t\t\t\t<p style=\"text-align: center;\">Titular da C\u00e1tedra S\u00e9rgio Henrique Ferreira da USP de Ribeir\u00e3o Preto I Professor Em\u00e9rito da Universidade Federal de Pernambuco (UFPE) e Membro do Conselho da Mind Lab<\/p>\t\t\t\t\t\t\t\t<\/div>\n\t\t\t\t<\/div>\n\t\t\t\t\t<\/div>\n\t\t<\/div>\n\t\t\t\t\t<\/div>\n\t\t<\/section>\n\t\t\t\t<\/div>\n\t\t","protected":false},"excerpt":{"rendered":"<p>SEU RELEASE Foto divulga\u00e7\u00e3o Envie-nos o seu release com temas relativos \u00e0 gest\u00e3o p\u00fablica municipal.Ap\u00f3s an\u00e1lise de adequa\u00e7\u00e3o, ser\u00e1 publica\u00e7\u00e3o no sitewww.prefeitosegestoes.com.br.2.900 caracteres com espa\u00e7o ou 3.500 sem espa\u00e7o (570 palavras)Contate-nos pelo \u00edcone Converse Conosco ou pelo emailcomercial@prefeitosegest\u00f5es.com.br Seu Release Luiz Fernando Machado (PSDB), prefeito de Jundia\u00ed (SP) Seu Release IMPORT\u00c2NCIA DA ILUMINA\u00c7\u00c3O EM LOCAIS [&hellip;]<\/p>\n","protected":false},"author":1,"featured_media":0,"parent":0,"menu_order":0,"comment_status":"closed","ping_status":"closed","template":"elementor_header_footer","meta":{"rop_custom_images_group":[],"rop_custom_messages_group":[],"rop_publish_now":"initial","rop_publish_now_accounts":{"twitter_850042665852968960_850042665852968960":""},"rop_publish_now_history":[],"rop_publish_now_status":"pending","footnotes":""},"class_list":["post-2030","page","type-page","status-publish","hentry"],"yoast_head":"<!-- This site is optimized with the Yoast SEO plugin v27.2 - https:\/\/yoast.com\/product\/yoast-seo-wordpress\/ -->\n<title>Seu Release - Prefeitos &amp; Gest\u00f5es<\/title>\n<meta name=\"robots\" content=\"index, follow, max-snippet:-1, max-image-preview:large, max-video-preview:-1\" \/>\n<link rel=\"canonical\" href=\"https:\/\/prefeitosegestoes.com.br\/portal\/seu-release\/\" \/>\n<meta property=\"og:locale\" content=\"pt_BR\" \/>\n<meta property=\"og:type\" content=\"article\" \/>\n<meta property=\"og:title\" content=\"Seu Release - Prefeitos &amp; Gest\u00f5es\" \/>\n<meta property=\"og:description\" content=\"SEU RELEASE Foto divulga\u00e7\u00e3o Envie-nos o seu release com temas relativos \u00e0 gest\u00e3o p\u00fablica municipal.Ap\u00f3s an\u00e1lise de adequa\u00e7\u00e3o, ser\u00e1 publica\u00e7\u00e3o no sitewww.prefeitosegestoes.com.br.2.900 caracteres com espa\u00e7o ou 3.500 sem espa\u00e7o (570 palavras)Contate-nos pelo \u00edcone Converse Conosco ou pelo emailcomercial@prefeitosegest\u00f5es.com.br Seu Release Luiz Fernando Machado (PSDB), prefeito de Jundia\u00ed (SP) Seu Release IMPORT\u00c2NCIA DA ILUMINA\u00c7\u00c3O EM LOCAIS [&hellip;]\" \/>\n<meta property=\"og:url\" content=\"https:\/\/prefeitosegestoes.com.br\/portal\/seu-release\/\" \/>\n<meta property=\"og:site_name\" content=\"Prefeitos &amp; Gest\u00f5es\" \/>\n<meta property=\"article:publisher\" content=\"https:\/\/www.facebook.com\/prefeitosonline\" \/>\n<meta property=\"article:modified_time\" content=\"2026-03-18T12:31:21+00:00\" \/>\n<meta property=\"og:image\" content=\"http:\/\/prefeitosegestoes.com.br\/portal\/wp-content\/uploads\/2024\/11\/imgs_release_00.jpg\" \/>\n<meta name=\"twitter:card\" content=\"summary_large_image\" \/>\n<meta name=\"twitter:site\" content=\"@PrefGestoes\" \/>\n<meta name=\"twitter:label1\" content=\"Est. tempo de leitura\" \/>\n\t<meta name=\"twitter:data1\" content=\"6 minutos\" \/>\n<script type=\"application\/ld+json\" class=\"yoast-schema-graph\">{\"@context\":\"https:\/\/schema.org\",\"@graph\":[{\"@type\":\"WebPage\",\"@id\":\"https:\/\/prefeitosegestoes.com.br\/portal\/seu-release\/\",\"url\":\"https:\/\/prefeitosegestoes.com.br\/portal\/seu-release\/\",\"name\":\"Seu Release - Prefeitos &amp; Gest\u00f5es\",\"isPartOf\":{\"@id\":\"https:\/\/prefeitosegestoes.com.br\/portal\/#website\"},\"primaryImageOfPage\":{\"@id\":\"https:\/\/prefeitosegestoes.com.br\/portal\/seu-release\/#primaryimage\"},\"image\":{\"@id\":\"https:\/\/prefeitosegestoes.com.br\/portal\/seu-release\/#primaryimage\"},\"thumbnailUrl\":\"http:\/\/prefeitosegestoes.com.br\/portal\/wp-content\/uploads\/2024\/11\/imgs_release_00.jpg\",\"datePublished\":\"2024-10-22T17:32:58+00:00\",\"dateModified\":\"2026-03-18T12:31:21+00:00\",\"breadcrumb\":{\"@id\":\"https:\/\/prefeitosegestoes.com.br\/portal\/seu-release\/#breadcrumb\"},\"inLanguage\":\"pt-BR\",\"potentialAction\":[{\"@type\":\"ReadAction\",\"target\":[\"https:\/\/prefeitosegestoes.com.br\/portal\/seu-release\/\"]}]},{\"@type\":\"ImageObject\",\"inLanguage\":\"pt-BR\",\"@id\":\"https:\/\/prefeitosegestoes.com.br\/portal\/seu-release\/#primaryimage\",\"url\":\"http:\/\/prefeitosegestoes.com.br\/portal\/wp-content\/uploads\/2024\/11\/imgs_release_00.jpg\",\"contentUrl\":\"http:\/\/prefeitosegestoes.com.br\/portal\/wp-content\/uploads\/2024\/11\/imgs_release_00.jpg\"},{\"@type\":\"BreadcrumbList\",\"@id\":\"https:\/\/prefeitosegestoes.com.br\/portal\/seu-release\/#breadcrumb\",\"itemListElement\":[{\"@type\":\"ListItem\",\"position\":1,\"name\":\"In\u00edcio\",\"item\":\"https:\/\/prefeitosegestoes.com.br\/portal\/\"},{\"@type\":\"ListItem\",\"position\":2,\"name\":\"Seu Release\"}]},{\"@type\":\"WebSite\",\"@id\":\"https:\/\/prefeitosegestoes.com.br\/portal\/#website\",\"url\":\"https:\/\/prefeitosegestoes.com.br\/portal\/\",\"name\":\"Prefeitos & Gest\u00f5es\",\"description\":\"\",\"publisher\":{\"@id\":\"https:\/\/prefeitosegestoes.com.br\/portal\/#organization\"},\"potentialAction\":[{\"@type\":\"SearchAction\",\"target\":{\"@type\":\"EntryPoint\",\"urlTemplate\":\"https:\/\/prefeitosegestoes.com.br\/portal\/?s={search_term_string}\"},\"query-input\":{\"@type\":\"PropertyValueSpecification\",\"valueRequired\":true,\"valueName\":\"search_term_string\"}}],\"inLanguage\":\"pt-BR\"},{\"@type\":\"Organization\",\"@id\":\"https:\/\/prefeitosegestoes.com.br\/portal\/#organization\",\"name\":\"Prefeitos & Gest\u00f5es\",\"url\":\"https:\/\/prefeitosegestoes.com.br\/portal\/\",\"logo\":{\"@type\":\"ImageObject\",\"inLanguage\":\"pt-BR\",\"@id\":\"https:\/\/prefeitosegestoes.com.br\/portal\/#\/schema\/logo\/image\/\",\"url\":\"https:\/\/prefeitosegestoes.com.br\/portal\/wp-content\/uploads\/2024\/10\/lg_trans_prefeitos_2024_preto2.png\",\"contentUrl\":\"https:\/\/prefeitosegestoes.com.br\/portal\/wp-content\/uploads\/2024\/10\/lg_trans_prefeitos_2024_preto2.png\",\"width\":199,\"height\":122,\"caption\":\"Prefeitos & Gest\u00f5es\"},\"image\":{\"@id\":\"https:\/\/prefeitosegestoes.com.br\/portal\/#\/schema\/logo\/image\/\"},\"sameAs\":[\"https:\/\/www.facebook.com\/prefeitosonline\",\"https:\/\/x.com\/PrefGestoes\"]}]}<\/script>\n<!-- \/ Yoast SEO plugin. -->","yoast_head_json":{"title":"Seu Release - Prefeitos &amp; Gest\u00f5es","robots":{"index":"index","follow":"follow","max-snippet":"max-snippet:-1","max-image-preview":"max-image-preview:large","max-video-preview":"max-video-preview:-1"},"canonical":"https:\/\/prefeitosegestoes.com.br\/portal\/seu-release\/","og_locale":"pt_BR","og_type":"article","og_title":"Seu Release - Prefeitos &amp; Gest\u00f5es","og_description":"SEU RELEASE Foto divulga\u00e7\u00e3o Envie-nos o seu release com temas relativos \u00e0 gest\u00e3o p\u00fablica municipal.Ap\u00f3s an\u00e1lise de adequa\u00e7\u00e3o, ser\u00e1 publica\u00e7\u00e3o no sitewww.prefeitosegestoes.com.br.2.900 caracteres com espa\u00e7o ou 3.500 sem espa\u00e7o (570 palavras)Contate-nos pelo \u00edcone Converse Conosco ou pelo emailcomercial@prefeitosegest\u00f5es.com.br Seu Release Luiz Fernando Machado (PSDB), prefeito de Jundia\u00ed (SP) Seu Release IMPORT\u00c2NCIA DA ILUMINA\u00c7\u00c3O EM LOCAIS [&hellip;]","og_url":"https:\/\/prefeitosegestoes.com.br\/portal\/seu-release\/","og_site_name":"Prefeitos &amp; Gest\u00f5es","article_publisher":"https:\/\/www.facebook.com\/prefeitosonline","article_modified_time":"2026-03-18T12:31:21+00:00","og_image":[{"url":"http:\/\/prefeitosegestoes.com.br\/portal\/wp-content\/uploads\/2024\/11\/imgs_release_00.jpg","type":"","width":"","height":""}],"twitter_card":"summary_large_image","twitter_site":"@PrefGestoes","twitter_misc":{"Est. tempo de leitura":"6 minutos"},"schema":{"@context":"https:\/\/schema.org","@graph":[{"@type":"WebPage","@id":"https:\/\/prefeitosegestoes.com.br\/portal\/seu-release\/","url":"https:\/\/prefeitosegestoes.com.br\/portal\/seu-release\/","name":"Seu Release - Prefeitos &amp; Gest\u00f5es","isPartOf":{"@id":"https:\/\/prefeitosegestoes.com.br\/portal\/#website"},"primaryImageOfPage":{"@id":"https:\/\/prefeitosegestoes.com.br\/portal\/seu-release\/#primaryimage"},"image":{"@id":"https:\/\/prefeitosegestoes.com.br\/portal\/seu-release\/#primaryimage"},"thumbnailUrl":"http:\/\/prefeitosegestoes.com.br\/portal\/wp-content\/uploads\/2024\/11\/imgs_release_00.jpg","datePublished":"2024-10-22T17:32:58+00:00","dateModified":"2026-03-18T12:31:21+00:00","breadcrumb":{"@id":"https:\/\/prefeitosegestoes.com.br\/portal\/seu-release\/#breadcrumb"},"inLanguage":"pt-BR","potentialAction":[{"@type":"ReadAction","target":["https:\/\/prefeitosegestoes.com.br\/portal\/seu-release\/"]}]},{"@type":"ImageObject","inLanguage":"pt-BR","@id":"https:\/\/prefeitosegestoes.com.br\/portal\/seu-release\/#primaryimage","url":"http:\/\/prefeitosegestoes.com.br\/portal\/wp-content\/uploads\/2024\/11\/imgs_release_00.jpg","contentUrl":"http:\/\/prefeitosegestoes.com.br\/portal\/wp-content\/uploads\/2024\/11\/imgs_release_00.jpg"},{"@type":"BreadcrumbList","@id":"https:\/\/prefeitosegestoes.com.br\/portal\/seu-release\/#breadcrumb","itemListElement":[{"@type":"ListItem","position":1,"name":"In\u00edcio","item":"https:\/\/prefeitosegestoes.com.br\/portal\/"},{"@type":"ListItem","position":2,"name":"Seu Release"}]},{"@type":"WebSite","@id":"https:\/\/prefeitosegestoes.com.br\/portal\/#website","url":"https:\/\/prefeitosegestoes.com.br\/portal\/","name":"Prefeitos & Gest\u00f5es","description":"","publisher":{"@id":"https:\/\/prefeitosegestoes.com.br\/portal\/#organization"},"potentialAction":[{"@type":"SearchAction","target":{"@type":"EntryPoint","urlTemplate":"https:\/\/prefeitosegestoes.com.br\/portal\/?s={search_term_string}"},"query-input":{"@type":"PropertyValueSpecification","valueRequired":true,"valueName":"search_term_string"}}],"inLanguage":"pt-BR"},{"@type":"Organization","@id":"https:\/\/prefeitosegestoes.com.br\/portal\/#organization","name":"Prefeitos & Gest\u00f5es","url":"https:\/\/prefeitosegestoes.com.br\/portal\/","logo":{"@type":"ImageObject","inLanguage":"pt-BR","@id":"https:\/\/prefeitosegestoes.com.br\/portal\/#\/schema\/logo\/image\/","url":"https:\/\/prefeitosegestoes.com.br\/portal\/wp-content\/uploads\/2024\/10\/lg_trans_prefeitos_2024_preto2.png","contentUrl":"https:\/\/prefeitosegestoes.com.br\/portal\/wp-content\/uploads\/2024\/10\/lg_trans_prefeitos_2024_preto2.png","width":199,"height":122,"caption":"Prefeitos & Gest\u00f5es"},"image":{"@id":"https:\/\/prefeitosegestoes.com.br\/portal\/#\/schema\/logo\/image\/"},"sameAs":["https:\/\/www.facebook.com\/prefeitosonline","https:\/\/x.com\/PrefGestoes"]}]}},"_links":{"self":[{"href":"https:\/\/prefeitosegestoes.com.br\/portal\/wp-json\/wp\/v2\/pages\/2030","targetHints":{"allow":["GET"]}}],"collection":[{"href":"https:\/\/prefeitosegestoes.com.br\/portal\/wp-json\/wp\/v2\/pages"}],"about":[{"href":"https:\/\/prefeitosegestoes.com.br\/portal\/wp-json\/wp\/v2\/types\/page"}],"author":[{"embeddable":true,"href":"https:\/\/prefeitosegestoes.com.br\/portal\/wp-json\/wp\/v2\/users\/1"}],"replies":[{"embeddable":true,"href":"https:\/\/prefeitosegestoes.com.br\/portal\/wp-json\/wp\/v2\/comments?post=2030"}],"version-history":[{"count":55,"href":"https:\/\/prefeitosegestoes.com.br\/portal\/wp-json\/wp\/v2\/pages\/2030\/revisions"}],"predecessor-version":[{"id":4389,"href":"https:\/\/prefeitosegestoes.com.br\/portal\/wp-json\/wp\/v2\/pages\/2030\/revisions\/4389"}],"wp:attachment":[{"href":"https:\/\/prefeitosegestoes.com.br\/portal\/wp-json\/wp\/v2\/media?parent=2030"}],"curies":[{"name":"wp","href":"https:\/\/api.w.org\/{rel}","templated":true}]}}