{"version":"1.0","provider_name":"Prefeitos &amp; Gest\u00f5es","provider_url":"https:\/\/prefeitosegestoes.com.br\/portal","title":"Investimentos refor\u00e7am cria\u00e7\u00e3o de complexo industrial de sa\u00fade no pa\u00eds - Prefeitos &amp; Gest\u00f5es","type":"rich","width":600,"height":338,"html":"<blockquote class=\"wp-embedded-content\" data-secret=\"WaeznJLNXI\"><a href=\"https:\/\/prefeitosegestoes.com.br\/portal\/3270-2\/\">Investimentos refor\u00e7am cria\u00e7\u00e3o de complexo industrial de sa\u00fade no pa\u00eds<\/a><\/blockquote><iframe sandbox=\"allow-scripts\" security=\"restricted\" src=\"https:\/\/prefeitosegestoes.com.br\/portal\/3270-2\/embed\/#?secret=WaeznJLNXI\" width=\"600\" height=\"338\" title=\"&#8220;Investimentos refor\u00e7am cria\u00e7\u00e3o de complexo industrial de sa\u00fade no pa\u00eds&#8221; &#8212; Prefeitos &amp; Gest\u00f5es\" data-secret=\"WaeznJLNXI\" frameborder=\"0\" marginwidth=\"0\" marginheight=\"0\" scrolling=\"no\" class=\"wp-embedded-content\"><\/iframe><script>\n\/*! This file is auto-generated *\/\n!function(d,l){\"use strict\";l.querySelector&&d.addEventListener&&\"undefined\"!=typeof URL&&(d.wp=d.wp||{},d.wp.receiveEmbedMessage||(d.wp.receiveEmbedMessage=function(e){var t=e.data;if((t||t.secret||t.message||t.value)&&!\/[^a-zA-Z0-9]\/.test(t.secret)){for(var s,r,n,a=l.querySelectorAll('iframe[data-secret=\"'+t.secret+'\"]'),o=l.querySelectorAll('blockquote[data-secret=\"'+t.secret+'\"]'),c=new RegExp(\"^https?:$\",\"i\"),i=0;i<o.length;i++)o[i].style.display=\"none\";for(i=0;i<a.length;i++)s=a[i],e.source===s.contentWindow&&(s.removeAttribute(\"style\"),\"height\"===t.message?(1e3<(r=parseInt(t.value,10))?r=1e3:~~r<200&&(r=200),s.height=r):\"link\"===t.message&&(r=new URL(s.getAttribute(\"src\")),n=new URL(t.value),c.test(n.protocol))&&n.host===r.host&&l.activeElement===s&&(d.top.location.href=t.value))}},d.addEventListener(\"message\",d.wp.receiveEmbedMessage,!1),l.addEventListener(\"DOMContentLoaded\",function(){for(var e,t,s=l.querySelectorAll(\"iframe.wp-embedded-content\"),r=0;r<s.length;r++)(t=(e=s[r]).getAttribute(\"data-secret\"))||(t=Math.random().toString(36).substring(2,12),e.src+=\"#?secret=\"+t,e.setAttribute(\"data-secret\",t)),e.contentWindow.postMessage({message:\"ready\",secret:t},\"*\")},!1)))}(window,document);\n\/\/# sourceURL=https:\/\/prefeitosegestoes.com.br\/portal\/wp-includes\/js\/wp-embed.min.js\n<\/script>\n","thumbnail_url":"https:\/\/prefeitosegestoes.com.br\/portal\/wp-content\/uploads\/2025\/04\/louis-reed-pwckf7l4-no-unsplash.webp","thumbnail_width":1170,"thumbnail_height":700,"description":"Complexo Industrial da Sa\u00fadeA pol\u00edtica industrial do governo, batizada de\u00a0Nova Ind\u00fastria Brasil (NIB), foi lan\u00e7ada em janeiro de 2024.\u00a0\u00c9 dentro deste conjunto de incentivo que est\u00e3o as a\u00e7\u00f5es voltadas ao Complexo Econ\u00f4mico-Industrial da Sa\u00fade, que faz parte da chamada Miss\u00e3o 2 da NIB."}